{"id":21968,"date":"2025-08-22T20:41:06","date_gmt":"2025-08-22T18:41:06","guid":{"rendered":"https:\/\/operajunior.org\/?page_id=21968"},"modified":"2025-08-22T21:15:56","modified_gmt":"2025-08-22T19:15:56","slug":"presse","status":"publish","type":"page","link":"https:\/\/operajunior.org\/index.php\/presse\/","title":{"rendered":"Presse"},"content":{"rendered":"\t\t<div data-elementor-type=\"wp-page\" data-elementor-id=\"21968\" class=\"elementor elementor-21968\">\n\t\t\t\t\t\t<section style=\"background-image: url(http:\/\/operajunior.org\/wp-content\/uploads\/2025\/08\/OJFondPresse.jpg);\" class=\"parallax_section_holder elementor-section elementor-top-section elementor-element elementor-element-7612d41a elementor-section-full_width parallax_section_holder elementor-section-height-default elementor-section-height-default qode_elementor_container_no qode-content-aligment-left\" data-speed=\"0\" data-id=\"7612d41a\" data-element_type=\"section\" data-settings=\"{&quot;qode_parallax_image&quot;:{&quot;url&quot;:&quot;http:\\\/\\\/operajunior.org\\\/wp-content\\\/uploads\\\/2025\\\/08\\\/OJFondPresse.jpg&quot;,&quot;id&quot;:21976,&quot;size&quot;:&quot;&quot;,&quot;alt&quot;:&quot;&quot;,&quot;source&quot;:&quot;library&quot;},&quot;background_background&quot;:&quot;slideshow&quot;,&quot;background_slideshow_gallery&quot;:[],&quot;background_slideshow_loop&quot;:&quot;yes&quot;,&quot;background_slideshow_slide_duration&quot;:5000,&quot;background_slideshow_slide_transition&quot;:&quot;fade&quot;,&quot;background_slideshow_transition_duration&quot;:500}\">\n\t\t\t\t\t\t<div class=\"elementor-container elementor-column-gap-default\">\n\t\t\t\t\t<div class=\"elementor-column elementor-col-100 elementor-top-column elementor-element elementor-element-6148fe65\" data-id=\"6148fe65\" data-element_type=\"column\">\n\t\t\t<div class=\"elementor-widget-wrap elementor-element-populated\">\n\t\t\t\t\t\t<div class=\"elementor-element elementor-element-6ca33d23 elementor-widget elementor-widget-spacer\" data-id=\"6ca33d23\" data-element_type=\"widget\" data-widget_type=\"spacer.default\">\n\t\t\t\t\t\t\t<div class=\"elementor-spacer\">\n\t\t\t<div class=\"elementor-spacer-inner\"><\/div>\n\t\t<\/div>\n\t\t\t\t\t\t<\/div>\n\t\t\t\t\t<\/div>\n\t\t<\/div>\n\t\t\t\t\t<\/div>\n\t\t<\/section>\n\t\t<div class=\"elementor-element elementor-element-c124e82 e-flex e-con-boxed e-con e-parent\" data-id=\"c124e82\" data-element_type=\"container\">\n\t\t\t\t\t<div class=\"e-con-inner\">\n\t\t\t\t<div class=\"elementor-element elementor-element-1102ca1 elementor-widget elementor-widget-spacer\" data-id=\"1102ca1\" data-element_type=\"widget\" data-widget_type=\"spacer.default\">\n\t\t\t\t\t\t\t<div class=\"elementor-spacer\">\n\t\t\t<div class=\"elementor-spacer-inner\"><\/div>\n\t\t<\/div>\n\t\t\t\t\t\t<\/div>\n\t\t\t\t\t<\/div>\n\t\t\t\t<\/div>\n\t\t<div class=\"elementor-element elementor-element-99fb605 e-flex e-con-boxed e-con e-parent\" data-id=\"99fb605\" data-element_type=\"container\">\n\t\t\t\t\t<div class=\"e-con-inner\">\n\t\t<div class=\"elementor-element elementor-element-1795f2c e-con-full e-flex e-con e-child\" data-id=\"1795f2c\" data-element_type=\"container\">\n\t\t\t\t<div class=\"elementor-element elementor-element-074cac0 elementor-widget elementor-widget-qi_addons_for_elementor_blockquote\" data-id=\"074cac0\" data-element_type=\"widget\" data-widget_type=\"qi_addons_for_elementor_blockquote.default\">\n\t\t\t\t<div class=\"elementor-widget-container\">\n\t\t\t\t\t<div class=\"qodef-shortcode qodef-m qodef-qi-blockquote qodef-layout--top qodef--icon-pack\">\n\t\t\t<div class=\"qodef-m-icon\">\n\t\t\t<svg aria-hidden=\"true\" class=\"e-font-icon-svg e-fas-quote-right\" viewBox=\"0 0 512 512\" xmlns=\"http:\/\/www.w3.org\/2000\/svg\"><path d=\"M464 32H336c-26.5 0-48 21.5-48 48v128c0 26.5 21.5 48 48 48h80v64c0 35.3-28.7 64-64 64h-8c-13.3 0-24 10.7-24 24v48c0 13.3 10.7 24 24 24h8c88.4 0 160-71.6 160-160V80c0-26.5-21.5-48-48-48zm-288 0H48C21.5 32 0 53.5 0 80v128c0 26.5 21.5 48 48 48h80v64c0 35.3-28.7 64-64 64h-8c-13.3 0-24 10.7-24 24v48c0 13.3 10.7 24 24 24h8c88.4 0 160-71.6 160-160V80c0-26.5-21.5-48-48-48z\"><\/path><\/svg>\t\t<\/div>\n\t\t\t\t<h4 class=\"qodef-m-text\">\n\t\t\tL\u2019\u00e9criture p\u00e9tillante et la mise en sc\u00e8ne inventive et virevoltante de Marine Garcia-Garnier atteignent leur but : \u00e9veiller les enfants \u00e0 d\u2019autres formes musicales et partager avec eux cet op\u00e9ra mondialement connu.\t\t<\/h4>\n\t<\/div>\n\t\t\t\t<\/div>\n\t\t\t\t<\/div>\n\t\t\t\t<\/div>\n\t\t<div class=\"elementor-element elementor-element-234c54f e-con-full e-flex e-con e-child\" data-id=\"234c54f\" data-element_type=\"container\">\n\t\t\t\t<div class=\"elementor-element elementor-element-3eb006b elementor-widget elementor-widget-image\" data-id=\"3eb006b\" data-element_type=\"widget\" data-widget_type=\"image.default\">\n\t\t\t\t\t\t\t\t\t\t\t\t\t\t\t<img decoding=\"async\" width=\"300\" height=\"110\" src=\"https:\/\/operajunior.org\/wp-content\/uploads\/2025\/08\/Logo-la-montagne-site-300x110.png\" class=\"attachment-medium size-medium wp-image-21971\" alt=\"\" srcset=\"https:\/\/operajunior.org\/wp-content\/uploads\/2025\/08\/Logo-la-montagne-site-300x110.png 300w, https:\/\/operajunior.org\/wp-content\/uploads\/2025\/08\/Logo-la-montagne-site-1024x375.png 1024w, https:\/\/operajunior.org\/wp-content\/uploads\/2025\/08\/Logo-la-montagne-site-768x281.png 768w, https:\/\/operajunior.org\/wp-content\/uploads\/2025\/08\/Logo-la-montagne-site-700x256.png 700w, https:\/\/operajunior.org\/wp-content\/uploads\/2025\/08\/Logo-la-montagne-site-1100x403.png 1100w, https:\/\/operajunior.org\/wp-content\/uploads\/2025\/08\/Logo-la-montagne-site.png 1330w\" sizes=\"(max-width: 300px) 100vw, 300px\" \/>\t\t\t\t\t\t\t\t\t\t\t\t\t\t\t<\/div>\n\t\t\t\t<div class=\"elementor-element elementor-element-cf8627e elementor-widget elementor-widget-text-editor\" data-id=\"cf8627e\" data-element_type=\"widget\" data-widget_type=\"text-editor.default\">\n\t\t\t\t\t\t\t\t\t<h6><em>L&#8217;art lyrique \u00e0 la rencontre du jeune public<\/em><\/h6><h6><a href=\"https:\/\/www.lamontagne.fr\/clermont-ferrand-63000\/actualites\/lart-lyrique-a-la-rencontre-du-jeune-public_14646453\/\">F\u00e9vrier 2025 &#8211; lire l&#8217;article\u00a0<\/a><\/h6>\t\t\t\t\t\t\t\t<\/div>\n\t\t\t\t<\/div>\n\t\t\t\t\t<\/div>\n\t\t\t\t<\/div>\n\t\t<div class=\"elementor-element elementor-element-af9dd19 e-flex e-con-boxed e-con e-parent\" data-id=\"af9dd19\" data-element_type=\"container\">\n\t\t\t\t\t<div class=\"e-con-inner\">\n\t\t\t\t<div class=\"elementor-element elementor-element-d9a6b9d elementor-widget elementor-widget-spacer\" data-id=\"d9a6b9d\" data-element_type=\"widget\" data-widget_type=\"spacer.default\">\n\t\t\t\t\t\t\t<div class=\"elementor-spacer\">\n\t\t\t<div class=\"elementor-spacer-inner\"><\/div>\n\t\t<\/div>\n\t\t\t\t\t\t<\/div>\n\t\t\t\t\t<\/div>\n\t\t\t\t<\/div>\n\t\t<div class=\"elementor-element elementor-element-b8dada1 e-flex e-con-boxed e-con e-parent\" data-id=\"b8dada1\" data-element_type=\"container\">\n\t\t\t\t\t<div class=\"e-con-inner\">\n\t\t<div class=\"elementor-element elementor-element-568caf7 e-con-full e-flex e-con e-child\" data-id=\"568caf7\" data-element_type=\"container\">\n\t\t\t\t<div class=\"elementor-element elementor-element-e1e9fe1 elementor-widget elementor-widget-image\" data-id=\"e1e9fe1\" data-element_type=\"widget\" data-widget_type=\"image.default\">\n\t\t\t\t\t\t\t\t\t\t\t\t\t\t\t<img decoding=\"async\" width=\"300\" height=\"150\" src=\"https:\/\/operajunior.org\/wp-content\/uploads\/2025\/08\/jhm-logo-300x150.png\" class=\"attachment-medium size-medium wp-image-21977\" alt=\"\" srcset=\"https:\/\/operajunior.org\/wp-content\/uploads\/2025\/08\/jhm-logo-300x150.png 300w, https:\/\/operajunior.org\/wp-content\/uploads\/2025\/08\/jhm-logo-768x384.png 768w, https:\/\/operajunior.org\/wp-content\/uploads\/2025\/08\/jhm-logo-1000x500.png 1000w, https:\/\/operajunior.org\/wp-content\/uploads\/2025\/08\/jhm-logo-700x350.png 700w, https:\/\/operajunior.org\/wp-content\/uploads\/2025\/08\/jhm-logo.png 1024w\" sizes=\"(max-width: 300px) 100vw, 300px\" \/>\t\t\t\t\t\t\t\t\t\t\t\t\t\t\t<\/div>\n\t\t\t\t<div class=\"elementor-element elementor-element-0fef11d elementor-widget elementor-widget-text-editor\" data-id=\"0fef11d\" data-element_type=\"widget\" data-widget_type=\"text-editor.default\">\n\t\t\t\t\t\t\t\t\t<h6><a href=\"https:\/\/jhm.fr\/hansel-et-gretel-revisite-au-theatre\/\">Avril 2024 &#8211; lire l&#8217;article\u00a0<\/a><\/h6>\t\t\t\t\t\t\t\t<\/div>\n\t\t\t\t<\/div>\n\t\t<div class=\"elementor-element elementor-element-384c4b8 e-con-full e-flex e-con e-child\" data-id=\"384c4b8\" data-element_type=\"container\">\n\t\t\t\t<div class=\"elementor-element elementor-element-d27d56f elementor-widget elementor-widget-qi_addons_for_elementor_blockquote\" data-id=\"d27d56f\" data-element_type=\"widget\" data-widget_type=\"qi_addons_for_elementor_blockquote.default\">\n\t\t\t\t<div class=\"elementor-widget-container\">\n\t\t\t\t\t<div class=\"qodef-shortcode qodef-m qodef-qi-blockquote qodef-layout--top qodef--icon-pack\">\n\t\t\t<div class=\"qodef-m-icon\">\n\t\t\t<svg aria-hidden=\"true\" class=\"e-font-icon-svg e-fas-quote-right\" viewBox=\"0 0 512 512\" xmlns=\"http:\/\/www.w3.org\/2000\/svg\"><path d=\"M464 32H336c-26.5 0-48 21.5-48 48v128c0 26.5 21.5 48 48 48h80v64c0 35.3-28.7 64-64 64h-8c-13.3 0-24 10.7-24 24v48c0 13.3 10.7 24 24 24h8c88.4 0 160-71.6 160-160V80c0-26.5-21.5-48-48-48zm-288 0H48C21.5 32 0 53.5 0 80v128c0 26.5 21.5 48 48 48h80v64c0 35.3-28.7 64-64 64h-8c-13.3 0-24 10.7-24 24v48c0 13.3 10.7 24 24 24h8c88.4 0 160-71.6 160-160V80c0-26.5-21.5-48-48-48z\"><\/path><\/svg>\t\t<\/div>\n\t\t\t\t<h4 class=\"qodef-m-text\">\n\t\t\tDurant 45 minutes, les sept acteurs, dirig\u00e9s par Marine Garcia-Garnier et Amaury de Closel, ont r\u00e9veill\u00e9 l\u2019\u00e2me d\u2019Hansel et Gretel avec l\u00e9g\u00e8ret\u00e9 et humour.\t\t<\/h4>\n\t<\/div>\n\t\t\t\t<\/div>\n\t\t\t\t<\/div>\n\t\t\t\t<\/div>\n\t\t\t\t\t<\/div>\n\t\t\t\t<\/div>\n\t\t<div class=\"elementor-element elementor-element-11b54bd e-flex e-con-boxed e-con e-parent\" data-id=\"11b54bd\" data-element_type=\"container\">\n\t\t\t\t\t<div class=\"e-con-inner\">\n\t\t\t\t<div class=\"elementor-element elementor-element-0c8375e elementor-widget elementor-widget-spacer\" data-id=\"0c8375e\" data-element_type=\"widget\" data-widget_type=\"spacer.default\">\n\t\t\t\t\t\t\t<div class=\"elementor-spacer\">\n\t\t\t<div class=\"elementor-spacer-inner\"><\/div>\n\t\t<\/div>\n\t\t\t\t\t\t<\/div>\n\t\t\t\t\t<\/div>\n\t\t\t\t<\/div>\n\t\t<div class=\"elementor-element elementor-element-891b140 e-flex e-con-boxed e-con e-parent\" data-id=\"891b140\" data-element_type=\"container\">\n\t\t\t\t\t<div class=\"e-con-inner\">\n\t\t<div class=\"elementor-element elementor-element-d81ceab e-con-full e-flex e-con e-child\" data-id=\"d81ceab\" data-element_type=\"container\">\n\t\t\t\t<div class=\"elementor-element elementor-element-591ec89 elementor-widget elementor-widget-qi_addons_for_elementor_blockquote\" data-id=\"591ec89\" data-element_type=\"widget\" data-widget_type=\"qi_addons_for_elementor_blockquote.default\">\n\t\t\t\t<div class=\"elementor-widget-container\">\n\t\t\t\t\t<div class=\"qodef-shortcode qodef-m qodef-qi-blockquote qodef-layout--top qodef--icon-pack\">\n\t\t\t<div class=\"qodef-m-icon\">\n\t\t\t<svg aria-hidden=\"true\" class=\"e-font-icon-svg e-fas-quote-right\" viewBox=\"0 0 512 512\" xmlns=\"http:\/\/www.w3.org\/2000\/svg\"><path d=\"M464 32H336c-26.5 0-48 21.5-48 48v128c0 26.5 21.5 48 48 48h80v64c0 35.3-28.7 64-64 64h-8c-13.3 0-24 10.7-24 24v48c0 13.3 10.7 24 24 24h8c88.4 0 160-71.6 160-160V80c0-26.5-21.5-48-48-48zm-288 0H48C21.5 32 0 53.5 0 80v128c0 26.5 21.5 48 48 48h80v64c0 35.3-28.7 64-64 64h-8c-13.3 0-24 10.7-24 24v48c0 13.3 10.7 24 24 24h8c88.4 0 160-71.6 160-160V80c0-26.5-21.5-48-48-48z\"><\/path><\/svg>\t\t<\/div>\n\t\t\t\t<h4 class=\"qodef-m-text\">\n\t\t\tCon\u00e7u sous la forme d\u2019un th\u00e9\u00e2tre musical, [H\u00e4nsel et Gretel] permet au tr\u00e8s jeune public de red\u00e9couvrir le conte de Grimm \u00e0 travers des voix merveilleuses et des instrumentistes de talent.\t\t<\/h4>\n\t<\/div>\n\t\t\t\t<\/div>\n\t\t\t\t<\/div>\n\t\t\t\t<\/div>\n\t\t<div class=\"elementor-element elementor-element-21cd8b5 e-con-full e-flex e-con e-child\" data-id=\"21cd8b5\" data-element_type=\"container\">\n\t\t\t\t<div class=\"elementor-element elementor-element-39d64fd elementor-widget elementor-widget-image\" data-id=\"39d64fd\" data-element_type=\"widget\" data-widget_type=\"image.default\">\n\t\t\t\t\t\t\t\t\t\t\t\t\t\t\t<img decoding=\"async\" width=\"300\" height=\"59\" src=\"https:\/\/operajunior.org\/wp-content\/uploads\/2025\/08\/logo-syma-news-simplifie-300x59.png\" class=\"attachment-medium size-medium wp-image-21981\" alt=\"\" srcset=\"https:\/\/operajunior.org\/wp-content\/uploads\/2025\/08\/logo-syma-news-simplifie-300x59.png 300w, https:\/\/operajunior.org\/wp-content\/uploads\/2025\/08\/logo-syma-news-simplifie-1024x200.png 1024w, https:\/\/operajunior.org\/wp-content\/uploads\/2025\/08\/logo-syma-news-simplifie-768x150.png 768w, https:\/\/operajunior.org\/wp-content\/uploads\/2025\/08\/logo-syma-news-simplifie-700x137.png 700w, https:\/\/operajunior.org\/wp-content\/uploads\/2025\/08\/logo-syma-news-simplifie-1100x215.png 1100w, https:\/\/operajunior.org\/wp-content\/uploads\/2025\/08\/logo-syma-news-simplifie.png 1142w\" sizes=\"(max-width: 300px) 100vw, 300px\" \/>\t\t\t\t\t\t\t\t\t\t\t\t\t\t\t<\/div>\n\t\t\t\t<div class=\"elementor-element elementor-element-f45deac elementor-widget elementor-widget-text-editor\" data-id=\"f45deac\" data-element_type=\"widget\" data-widget_type=\"text-editor.default\">\n\t\t\t\t\t\t\t\t\t<h6>\u00a0<\/h6><h6>\u00a0<\/h6><h6 class=\"p1\"><span class=\"s1\">Il n\u2019est jamais trop t\u00f4t pour initier les enfants !<\/span><\/h6><h6 class=\"p1\"><a href=\"https:\/\/www.symanews.com\/2022\/12\/08\/hansel-et-gretel-il-nest-jamais-trop-tot-pour-initier-les-enfants-a-lopera\/\">D\u00e9cembre 2022 &#8211; lire l&#8217;article\u00a0<\/a><\/h6>\t\t\t\t\t\t\t\t<\/div>\n\t\t\t\t<\/div>\n\t\t\t\t\t<\/div>\n\t\t\t\t<\/div>\n\t\t\t\t<\/div>\n\t\t","protected":false},"excerpt":{"rendered":"<p>L\u2019\u00e9criture p\u00e9tillante et la mise en sc\u00e8ne inventive et virevoltante de Marine Garcia-Garnier atteignent leur but : \u00e9veiller les enfants \u00e0 d\u2019autres formes musicales et partager avec eux cet op\u00e9ra mondialement connu. L&#8217;art lyrique \u00e0 la rencontre du jeune public F\u00e9vrier 2025 &#8211; lire l&#8217;article\u00a0&#8230;<\/p>\n","protected":false},"author":1,"featured_media":0,"parent":0,"menu_order":0,"comment_status":"closed","ping_status":"closed","template":"","meta":{"footnotes":""},"class_list":["post-21968","page","type-page","status-publish","hentry"],"_links":{"self":[{"href":"https:\/\/operajunior.org\/index.php\/wp-json\/wp\/v2\/pages\/21968","targetHints":{"allow":["GET"]}}],"collection":[{"href":"https:\/\/operajunior.org\/index.php\/wp-json\/wp\/v2\/pages"}],"about":[{"href":"https:\/\/operajunior.org\/index.php\/wp-json\/wp\/v2\/types\/page"}],"author":[{"embeddable":true,"href":"https:\/\/operajunior.org\/index.php\/wp-json\/wp\/v2\/users\/1"}],"replies":[{"embeddable":true,"href":"https:\/\/operajunior.org\/index.php\/wp-json\/wp\/v2\/comments?post=21968"}],"version-history":[{"count":10,"href":"https:\/\/operajunior.org\/index.php\/wp-json\/wp\/v2\/pages\/21968\/revisions"}],"predecessor-version":[{"id":21990,"href":"https:\/\/operajunior.org\/index.php\/wp-json\/wp\/v2\/pages\/21968\/revisions\/21990"}],"wp:attachment":[{"href":"https:\/\/operajunior.org\/index.php\/wp-json\/wp\/v2\/media?parent=21968"}],"curies":[{"name":"wp","href":"https:\/\/api.w.org\/{rel}","templated":true}]}}